{"id":1922,"date":"2021-05-26T23:50:24","date_gmt":"2021-05-26T21:50:24","guid":{"rendered":"https:\/\/mon-carre-deco.com\/?post_type=product&#038;p=1922"},"modified":"2023-12-25T18:05:32","modified_gmt":"2023-12-25T17:05:32","slug":"tableau-hermes-art-indien-des-plaines","status":"publish","type":"product","link":"https:\/\/mon-carre-deco.com\/en\/product\/tableau-hermes-art-indien-des-plaines\/","title":{"rendered":"Tableau &#8211; Carr\u00e9 Herm\u00e8s L&rsquo;Art Indien des Plaines"},"content":{"rendered":"<p>\u00ab\u00a0L&rsquo;Art Indien des Plaines\u00a0\u00bb<\/p>\n<p>\u00c9dite en 2004<\/p>\n<p>Designer :<a href=\"https:\/\/strictement-k.com\/a-propos\/\"> Sophie Koechlin<\/a><\/p>\n<p>Auteure, traductrice, adaptatrice de pr\u00e8s de 400 livres pour la Jeunesse, Sophie Koechlin est \u00e9galement peintre et illustratrice. Elle est n\u00e9e \u00e0 Paris, le 19 avril 1960. Fille du journaliste fran\u00e7ais Philippe Koechlin qui a notamment cr\u00e9\u00e9 et dirig\u00e9 le mensuel musical <em>Rock &amp; Folk<\/em>. Son fr\u00e8re St\u00e9phane est chroniqueur musical et \u00e9crivain. Elle a grandi dans le monde de la bande dessin\u00e9e et de la musique am\u00e9ricaine.<\/p>\n<p>You'll also like<\/p>\n<blockquote>\n<figure id=\"attachment_1928\" aria-describedby=\"caption-attachment-1928\" style=\"width: 196px\" class=\"wp-caption alignnone\"><a href=\"https:\/\/galerie-hozho.ch\/pochettes\" target=\"_blank\" rel=\"noopener\"><img fetchpriority=\"high\" decoding=\"async\" class=\"size-medium wp-image-1928\" src=\"http:\/\/mon-carre-deco.com\/wp-content\/uploads\/2021\/05\/Sac-De-Medecine-a-Sonnailles-Kiowa-196x300.jpg\" alt=\"Sac De Medecine \u00e0 Sonnailles Kiowa\" width=\"196\" height=\"300\" srcset=\"https:\/\/mon-carre-deco.com\/wp-content\/uploads\/2021\/05\/Sac-De-Medecine-a-Sonnailles-Kiowa-196x300.jpg 196w, https:\/\/mon-carre-deco.com\/wp-content\/uploads\/2021\/05\/Sac-De-Medecine-a-Sonnailles-Kiowa-600x920.jpg 600w, https:\/\/mon-carre-deco.com\/wp-content\/uploads\/2021\/05\/Sac-De-Medecine-a-Sonnailles-Kiowa.jpg 656w\" sizes=\"(max-width: 196px) 100vw, 196px\" \/><\/a><figcaption id=\"caption-attachment-1928\" class=\"wp-caption-text\">Sac De M\u00e9decine \u00e0 Sonnailles Kiowa<\/figcaption><\/figure><\/blockquote>","protected":false},"excerpt":{"rendered":"<p>Le r\u00e9alisme et le d\u00e9tail des perles en bois, la g\u00e9om\u00e9trie vibrante de ce carr\u00e9 de soie en tableau captive le regard. Sophie Keochlin a ici fait une repr\u00e9sentation sublime de l&rsquo;art des indiens des plaines d&rsquo;Am\u00e9rique. En 2014, le mus\u00e9e du Quai Branly avait consacr\u00e9 une grande <a href=\"https:\/\/www.francetvinfo.fr\/culture\/arts-expos\/l-art-des-indiens-des-plaines-au-quai-branly-au-dela-des-cliches_3283407.html\" target=\"_blank\" rel=\"noopener\">exposition \u00e0 leur art<\/a>, pour mieux faire conna\u00eetre leurs traditions esth\u00e9tiques et montrer la complexit\u00e9 d&rsquo;une histoire artistique qui se poursuit aujourd&rsquo;hui.<\/p>\n<ul>\n<li>100% soie<\/li>\n<li>Couleurs dominantes : noir, beige, bleu, bordeaux<\/li>\n<li>Moulure noire exotique<\/li>\n<li>Passe-partout noir<\/li>\n<li>Verre de protection anti UV<\/li>\n<li>Accroches de fixation \u00e0 l&rsquo;arri\u00e8re<\/li>\n<\/ul>\n<p>Designer : Sophie Koechlin<\/p>","protected":false},"featured_media":2082,"comment_status":"open","ping_status":"closed","template":"","meta":{"site-sidebar-layout":"default","site-content-layout":"default","ast-site-content-layout":"default","site-content-style":"default","site-sidebar-style":"default","ast-global-header-display":"","ast-banner-title-visibility":"","ast-main-header-display":"","ast-hfb-above-header-display":"","ast-hfb-below-header-display":"","ast-hfb-mobile-header-display":"","site-post-title":"","ast-breadcrumbs-content":"","ast-featured-img":"","footer-sml-layout":"","theme-transparent-header-meta":"default","adv-header-id-meta":"","stick-header-meta":"","header-above-stick-meta":"","header-main-stick-meta":"","header-below-stick-meta":"","astra-migrate-meta-layouts":"set"},"product_brand":[],"product_cat":[24],"product_tag":[],"class_list":{"0":"post-1922","1":"product","2":"type-product","3":"status-publish","4":"has-post-thumbnail","6":"product_cat-carre-90x90","7":"desktop-align-left","8":"tablet-align-left","9":"mobile-align-left","11":"first","12":"instock","13":"sold-individually","14":"shipping-taxable","15":"product-type-simple"},"yoast_head":"<!-- This site is optimized with the Yoast SEO plugin v25.4 - https:\/\/yoast.com\/wordpress\/plugins\/seo\/ -->\n<title>Tableau - Carr\u00e9 Herm\u00e8s L&#039;Art Indien des Plaines - Mon Carr\u00e9 D\u00e9co<\/title>\n<meta name=\"description\" content=\"Le Tableau l&#039;Art Indien des Plaines, est un objet de d\u00e9coration murale pour la maison, r\u00e9alis\u00e9 avec un carr\u00e9 Herm\u00e8s dessin\u00e9 par Sophie Koechlin\" \/>\n<meta name=\"robots\" content=\"index, follow, max-snippet:-1, max-image-preview:large, max-video-preview:-1\" \/>\n<link rel=\"canonical\" href=\"https:\/\/mon-carre-deco.com\/en\/product\/tableau-hermes-art-indien-des-plaines\/\" \/>\n<meta property=\"og:locale\" content=\"en_US\" \/>\n<meta property=\"og:type\" content=\"article\" \/>\n<meta property=\"og:title\" content=\"Tableau - Carr\u00e9 Herm\u00e8s L&#039;Art Indien des Plaines - Mon Carr\u00e9 D\u00e9co\" \/>\n<meta property=\"og:description\" content=\"Le Tableau l&#039;Art Indien des Plaines, est un objet de d\u00e9coration murale pour la maison, r\u00e9alis\u00e9 avec un carr\u00e9 Herm\u00e8s dessin\u00e9 par Sophie Koechlin\" \/>\n<meta property=\"og:url\" content=\"https:\/\/mon-carre-deco.com\/en\/product\/tableau-hermes-art-indien-des-plaines\/\" \/>\n<meta property=\"og:site_name\" content=\"Mon Carr\u00e9 D\u00e9co\" \/>\n<meta property=\"article:modified_time\" content=\"2023-12-25T17:05:32+00:00\" \/>\n<meta property=\"og:image\" content=\"http:\/\/mon-carre-deco.com\/wp-content\/uploads\/2021\/05\/Carre-Hermes-lArt-Indien-des-Plaines-de-Sophie-Koechlin-en-tableau-avec-moulure-noire-exotique-et-passe-partout-noir-1.jpg\" \/>\n\t<meta property=\"og:image:width\" content=\"691\" \/>\n\t<meta property=\"og:image:height\" content=\"644\" \/>\n\t<meta property=\"og:image:type\" content=\"image\/jpeg\" \/>\n<meta name=\"twitter:card\" content=\"summary_large_image\" \/>\n<meta name=\"twitter:label1\" content=\"Est. reading time\" \/>\n\t<meta name=\"twitter:data1\" content=\"1 minute\" \/>\n<script type=\"application\/ld+json\" class=\"yoast-schema-graph\">{\"@context\":\"https:\/\/schema.org\",\"@graph\":[{\"@type\":\"WebPage\",\"@id\":\"https:\/\/mon-carre-deco.com\/produit\/tableau-hermes-art-indien-des-plaines\/\",\"url\":\"https:\/\/mon-carre-deco.com\/produit\/tableau-hermes-art-indien-des-plaines\/\",\"name\":\"Tableau - Carr\u00e9 Herm\u00e8s L'Art Indien des Plaines - Mon Carr\u00e9 D\u00e9co\",\"isPartOf\":{\"@id\":\"https:\/\/mon-carre-deco.com\/#website\"},\"primaryImageOfPage\":{\"@id\":\"https:\/\/mon-carre-deco.com\/produit\/tableau-hermes-art-indien-des-plaines\/#primaryimage\"},\"image\":{\"@id\":\"https:\/\/mon-carre-deco.com\/produit\/tableau-hermes-art-indien-des-plaines\/#primaryimage\"},\"thumbnailUrl\":\"https:\/\/mon-carre-deco.com\/wp-content\/uploads\/2021\/05\/Carre-Hermes-lArt-Indien-des-Plaines-de-Sophie-Koechlin-en-tableau-avec-moulure-noire-exotique-et-passe-partout-noir-1.jpg\",\"datePublished\":\"2021-05-26T21:50:24+00:00\",\"dateModified\":\"2023-12-25T17:05:32+00:00\",\"description\":\"Le Tableau l'Art Indien des Plaines, est un objet de d\u00e9coration murale pour la maison, r\u00e9alis\u00e9 avec un carr\u00e9 Herm\u00e8s dessin\u00e9 par Sophie Koechlin\",\"breadcrumb\":{\"@id\":\"https:\/\/mon-carre-deco.com\/produit\/tableau-hermes-art-indien-des-plaines\/#breadcrumb\"},\"inLanguage\":\"en-US\",\"potentialAction\":[{\"@type\":\"ReadAction\",\"target\":[\"https:\/\/mon-carre-deco.com\/produit\/tableau-hermes-art-indien-des-plaines\/\"]}]},{\"@type\":\"ImageObject\",\"inLanguage\":\"en-US\",\"@id\":\"https:\/\/mon-carre-deco.com\/produit\/tableau-hermes-art-indien-des-plaines\/#primaryimage\",\"url\":\"https:\/\/mon-carre-deco.com\/wp-content\/uploads\/2021\/05\/Carre-Hermes-lArt-Indien-des-Plaines-de-Sophie-Koechlin-en-tableau-avec-moulure-noire-exotique-et-passe-partout-noir-1.jpg\",\"contentUrl\":\"https:\/\/mon-carre-deco.com\/wp-content\/uploads\/2021\/05\/Carre-Hermes-lArt-Indien-des-Plaines-de-Sophie-Koechlin-en-tableau-avec-moulure-noire-exotique-et-passe-partout-noir-1.jpg\",\"width\":691,\"height\":644,\"caption\":\"Tableau d'un Carr\u00e9 Herm\u00e8s l'Art Indien des plaines de Sophie Koechlin avec une moulure noire exotique et passe-partout noir\"},{\"@type\":\"BreadcrumbList\",\"@id\":\"https:\/\/mon-carre-deco.com\/produit\/tableau-hermes-art-indien-des-plaines\/#breadcrumb\",\"itemListElement\":[{\"@type\":\"ListItem\",\"position\":1,\"name\":\"Accueil\",\"item\":\"https:\/\/mon-carre-deco.com\/\"},{\"@type\":\"ListItem\",\"position\":2,\"name\":\"Tableaux\",\"item\":\"https:\/\/mon-carre-deco.com\/boutique-tableau-hermes\/\"},{\"@type\":\"ListItem\",\"position\":3,\"name\":\"Tableau &#8211; Carr\u00e9 Herm\u00e8s L&rsquo;Art Indien des Plaines\"}]},{\"@type\":\"WebSite\",\"@id\":\"https:\/\/mon-carre-deco.com\/#website\",\"url\":\"https:\/\/mon-carre-deco.com\/\",\"name\":\"Mon Carr\u00e9 D\u00e9co\",\"description\":\"Mon Carr\u00e9 D&#039;art at Home, vente de tableau Herm\u00e8s, foulard carr\u00e9 Herm\u00e8s encadr\u00e9\",\"publisher\":{\"@id\":\"https:\/\/mon-carre-deco.com\/#organization\"},\"potentialAction\":[{\"@type\":\"SearchAction\",\"target\":{\"@type\":\"EntryPoint\",\"urlTemplate\":\"https:\/\/mon-carre-deco.com\/?s={search_term_string}\"},\"query-input\":{\"@type\":\"PropertyValueSpecification\",\"valueRequired\":true,\"valueName\":\"search_term_string\"}}],\"inLanguage\":\"en-US\"},{\"@type\":\"Organization\",\"@id\":\"https:\/\/mon-carre-deco.com\/#organization\",\"name\":\"Mon Carr\u00e9 D\u00e9co\",\"url\":\"https:\/\/mon-carre-deco.com\/\",\"logo\":{\"@type\":\"ImageObject\",\"inLanguage\":\"en-US\",\"@id\":\"https:\/\/mon-carre-deco.com\/#\/schema\/logo\/image\/\",\"url\":\"https:\/\/mon-carre-deco.com\/wp-content\/uploads\/2021\/04\/cropped-Logo-mon-carre-deco-2.png\",\"contentUrl\":\"https:\/\/mon-carre-deco.com\/wp-content\/uploads\/2021\/04\/cropped-Logo-mon-carre-deco-2.png\",\"width\":1043,\"height\":1043,\"caption\":\"Mon Carr\u00e9 D\u00e9co\"},\"image\":{\"@id\":\"https:\/\/mon-carre-deco.com\/#\/schema\/logo\/image\/\"}}]}<\/script>\n<!-- \/ Yoast SEO plugin. -->","yoast_head_json":{"title":"Tableau - Carr\u00e9 Herm\u00e8s L'Art Indien des Plaines - Mon Carr\u00e9 D\u00e9co","description":"Le Tableau l'Art Indien des Plaines, est un objet de d\u00e9coration murale pour la maison, r\u00e9alis\u00e9 avec un carr\u00e9 Herm\u00e8s dessin\u00e9 par Sophie Koechlin","robots":{"index":"index","follow":"follow","max-snippet":"max-snippet:-1","max-image-preview":"max-image-preview:large","max-video-preview":"max-video-preview:-1"},"canonical":"https:\/\/mon-carre-deco.com\/en\/product\/tableau-hermes-art-indien-des-plaines\/","og_locale":"en_US","og_type":"article","og_title":"Tableau - Carr\u00e9 Herm\u00e8s L'Art Indien des Plaines - Mon Carr\u00e9 D\u00e9co","og_description":"Le Tableau l'Art Indien des Plaines, est un objet de d\u00e9coration murale pour la maison, r\u00e9alis\u00e9 avec un carr\u00e9 Herm\u00e8s dessin\u00e9 par Sophie Koechlin","og_url":"https:\/\/mon-carre-deco.com\/en\/product\/tableau-hermes-art-indien-des-plaines\/","og_site_name":"Mon Carr\u00e9 D\u00e9co","article_modified_time":"2023-12-25T17:05:32+00:00","og_image":[{"width":691,"height":644,"url":"http:\/\/mon-carre-deco.com\/wp-content\/uploads\/2021\/05\/Carre-Hermes-lArt-Indien-des-Plaines-de-Sophie-Koechlin-en-tableau-avec-moulure-noire-exotique-et-passe-partout-noir-1.jpg","type":"image\/jpeg"}],"twitter_card":"summary_large_image","twitter_misc":{"Est. reading time":"1 minute"},"schema":{"@context":"https:\/\/schema.org","@graph":[{"@type":"WebPage","@id":"https:\/\/mon-carre-deco.com\/produit\/tableau-hermes-art-indien-des-plaines\/","url":"https:\/\/mon-carre-deco.com\/produit\/tableau-hermes-art-indien-des-plaines\/","name":"Tableau - Carr\u00e9 Herm\u00e8s L'Art Indien des Plaines - Mon Carr\u00e9 D\u00e9co","isPartOf":{"@id":"https:\/\/mon-carre-deco.com\/#website"},"primaryImageOfPage":{"@id":"https:\/\/mon-carre-deco.com\/produit\/tableau-hermes-art-indien-des-plaines\/#primaryimage"},"image":{"@id":"https:\/\/mon-carre-deco.com\/produit\/tableau-hermes-art-indien-des-plaines\/#primaryimage"},"thumbnailUrl":"https:\/\/mon-carre-deco.com\/wp-content\/uploads\/2021\/05\/Carre-Hermes-lArt-Indien-des-Plaines-de-Sophie-Koechlin-en-tableau-avec-moulure-noire-exotique-et-passe-partout-noir-1.jpg","datePublished":"2021-05-26T21:50:24+00:00","dateModified":"2023-12-25T17:05:32+00:00","description":"Le Tableau l'Art Indien des Plaines, est un objet de d\u00e9coration murale pour la maison, r\u00e9alis\u00e9 avec un carr\u00e9 Herm\u00e8s dessin\u00e9 par Sophie Koechlin","breadcrumb":{"@id":"https:\/\/mon-carre-deco.com\/produit\/tableau-hermes-art-indien-des-plaines\/#breadcrumb"},"inLanguage":"en-US","potentialAction":[{"@type":"ReadAction","target":["https:\/\/mon-carre-deco.com\/produit\/tableau-hermes-art-indien-des-plaines\/"]}]},{"@type":"ImageObject","inLanguage":"en-US","@id":"https:\/\/mon-carre-deco.com\/produit\/tableau-hermes-art-indien-des-plaines\/#primaryimage","url":"https:\/\/mon-carre-deco.com\/wp-content\/uploads\/2021\/05\/Carre-Hermes-lArt-Indien-des-Plaines-de-Sophie-Koechlin-en-tableau-avec-moulure-noire-exotique-et-passe-partout-noir-1.jpg","contentUrl":"https:\/\/mon-carre-deco.com\/wp-content\/uploads\/2021\/05\/Carre-Hermes-lArt-Indien-des-Plaines-de-Sophie-Koechlin-en-tableau-avec-moulure-noire-exotique-et-passe-partout-noir-1.jpg","width":691,"height":644,"caption":"Tableau d'un Carr\u00e9 Herm\u00e8s l'Art Indien des plaines de Sophie Koechlin avec une moulure noire exotique et passe-partout noir"},{"@type":"BreadcrumbList","@id":"https:\/\/mon-carre-deco.com\/produit\/tableau-hermes-art-indien-des-plaines\/#breadcrumb","itemListElement":[{"@type":"ListItem","position":1,"name":"Accueil","item":"https:\/\/mon-carre-deco.com\/"},{"@type":"ListItem","position":2,"name":"Tableaux","item":"https:\/\/mon-carre-deco.com\/boutique-tableau-hermes\/"},{"@type":"ListItem","position":3,"name":"Tableau &#8211; Carr\u00e9 Herm\u00e8s L&rsquo;Art Indien des Plaines"}]},{"@type":"WebSite","@id":"https:\/\/mon-carre-deco.com\/#website","url":"https:\/\/mon-carre-deco.com\/","name":"Mon Carr\u00e9 D\u00e9co","description":"Mon Carr\u00e9 D&#039;art at Home, vente de tableau Herm\u00e8s, foulard carr\u00e9 Herm\u00e8s encadr\u00e9","publisher":{"@id":"https:\/\/mon-carre-deco.com\/#organization"},"potentialAction":[{"@type":"SearchAction","target":{"@type":"EntryPoint","urlTemplate":"https:\/\/mon-carre-deco.com\/?s={search_term_string}"},"query-input":{"@type":"PropertyValueSpecification","valueRequired":true,"valueName":"search_term_string"}}],"inLanguage":"en-US"},{"@type":"Organization","@id":"https:\/\/mon-carre-deco.com\/#organization","name":"Mon Carr\u00e9 D\u00e9co","url":"https:\/\/mon-carre-deco.com\/","logo":{"@type":"ImageObject","inLanguage":"en-US","@id":"https:\/\/mon-carre-deco.com\/#\/schema\/logo\/image\/","url":"https:\/\/mon-carre-deco.com\/wp-content\/uploads\/2021\/04\/cropped-Logo-mon-carre-deco-2.png","contentUrl":"https:\/\/mon-carre-deco.com\/wp-content\/uploads\/2021\/04\/cropped-Logo-mon-carre-deco-2.png","width":1043,"height":1043,"caption":"Mon Carr\u00e9 D\u00e9co"},"image":{"@id":"https:\/\/mon-carre-deco.com\/#\/schema\/logo\/image\/"}}]}},"_links":{"self":[{"href":"https:\/\/mon-carre-deco.com\/en\/wp-json\/wp\/v2\/product\/1922","targetHints":{"allow":["GET"]}}],"collection":[{"href":"https:\/\/mon-carre-deco.com\/en\/wp-json\/wp\/v2\/product"}],"about":[{"href":"https:\/\/mon-carre-deco.com\/en\/wp-json\/wp\/v2\/types\/product"}],"replies":[{"embeddable":true,"href":"https:\/\/mon-carre-deco.com\/en\/wp-json\/wp\/v2\/comments?post=1922"}],"version-history":[{"count":19,"href":"https:\/\/mon-carre-deco.com\/en\/wp-json\/wp\/v2\/product\/1922\/revisions"}],"predecessor-version":[{"id":3430,"href":"https:\/\/mon-carre-deco.com\/en\/wp-json\/wp\/v2\/product\/1922\/revisions\/3430"}],"wp:featuredmedia":[{"embeddable":true,"href":"https:\/\/mon-carre-deco.com\/en\/wp-json\/wp\/v2\/media\/2082"}],"wp:attachment":[{"href":"https:\/\/mon-carre-deco.com\/en\/wp-json\/wp\/v2\/media?parent=1922"}],"wp:term":[{"taxonomy":"product_brand","embeddable":true,"href":"https:\/\/mon-carre-deco.com\/en\/wp-json\/wp\/v2\/product_brand?post=1922"},{"taxonomy":"product_cat","embeddable":true,"href":"https:\/\/mon-carre-deco.com\/en\/wp-json\/wp\/v2\/product_cat?post=1922"},{"taxonomy":"product_tag","embeddable":true,"href":"https:\/\/mon-carre-deco.com\/en\/wp-json\/wp\/v2\/product_tag?post=1922"}],"curies":[{"name":"wp","href":"https:\/\/api.w.org\/{rel}","templated":true}]}}