{"id":2204,"date":"2021-12-14T17:46:42","date_gmt":"2021-12-14T16:46:42","guid":{"rendered":"https:\/\/mon-carre-deco.com\/?post_type=product&#038;p=2204"},"modified":"2023-03-24T20:08:06","modified_gmt":"2023-03-24T19:08:06","slug":"tableau-carre-hermes-couvertures-et-tenues-de-jour","status":"publish","type":"product","link":"https:\/\/mon-carre-deco.com\/en\/product\/tableau-carre-hermes-couvertures-et-tenues-de-jour\/","title":{"rendered":"Tableau &#8211; Carr\u00e9 Herm\u00e8s Couvertures et Tenues de jour"},"content":{"rendered":"<p>\u00ab\u00a0Couvertures et Tenues de jour\u00a0\u00bb<\/p>\n<p>\u00c9dit\u00e9 la premi\u00e8re fois en 1962, r\u00e9\u00e9dit\u00e9 en 2000<\/p>\n<p>Designer Jacques Eudel<\/p>\n<p>Dessin embl\u00e9matique Herm\u00e8s&#8230;. Couvertures et tenues de jour est un aper\u00e7u de la coquetterie \u00e9questre ! Sagement encadr\u00e9 de brides de cuir blanches, chacun de ces chevaux est rev\u00eatu d&rsquo;une couverture adapt\u00e9e \u00e0 chaque \u00e9v\u00e9nement de la journ\u00e9e : l&rsquo;\u00e9curie, l&rsquo;attente, la pr\u00e9sentation.<\/p>\n<p><em>You'll also like<\/em><\/p>\n<blockquote>\n<figure id=\"attachment_2668\" aria-describedby=\"caption-attachment-2668\" style=\"width: 229px\" class=\"wp-caption alignnone\"><a href=\"https:\/\/www.fonderie-lauragaise.com\/fr\/nos-produits-edition-gaston-dilliers\/avant-la-course?page=0\"><img fetchpriority=\"high\" decoding=\"async\" class=\"wp-image-2668\" src=\"http:\/\/mon-carre-deco.com\/wp-content\/uploads\/2021\/12\/cheval-bronze-avant-la-course-gaston-d-illiers-fonderie-de-bronze-lauragaise.png\" alt=\"cheval-bronze-avant-la-course-gaston-d-illiers-fonderie-de-bronze-lauragaise\" width=\"229\" height=\"229\" srcset=\"https:\/\/mon-carre-deco.com\/wp-content\/uploads\/2021\/12\/cheval-bronze-avant-la-course-gaston-d-illiers-fonderie-de-bronze-lauragaise.png 1000w, https:\/\/mon-carre-deco.com\/wp-content\/uploads\/2021\/12\/cheval-bronze-avant-la-course-gaston-d-illiers-fonderie-de-bronze-lauragaise-300x300.png 300w, https:\/\/mon-carre-deco.com\/wp-content\/uploads\/2021\/12\/cheval-bronze-avant-la-course-gaston-d-illiers-fonderie-de-bronze-lauragaise-150x150.png 150w, https:\/\/mon-carre-deco.com\/wp-content\/uploads\/2021\/12\/cheval-bronze-avant-la-course-gaston-d-illiers-fonderie-de-bronze-lauragaise-768x768.png 768w, https:\/\/mon-carre-deco.com\/wp-content\/uploads\/2021\/12\/cheval-bronze-avant-la-course-gaston-d-illiers-fonderie-de-bronze-lauragaise-600x600.png 600w, https:\/\/mon-carre-deco.com\/wp-content\/uploads\/2021\/12\/cheval-bronze-avant-la-course-gaston-d-illiers-fonderie-de-bronze-lauragaise-100x100.png 100w\" sizes=\"(max-width: 229px) 100vw, 229px\" \/><\/a><figcaption id=\"caption-attachment-2668\" class=\"wp-caption-text\">Cheval de bronze avant la course- Gaston D&rsquo;Illiers<\/figcaption><\/figure><\/blockquote>","protected":false},"excerpt":{"rendered":"<p>Ce tableau repr\u00e9sente de beaux chevaux recouverts de leurs couvertures. Une d\u00e9coration murale \u00e9l\u00e9gante, du plus bel effet dans un salon et qui plaira aux amateurs de chevaux.<\/p>\n<ul>\n<li style=\"list-style-type: none;\">\n<ul>\n<li>Silk<\/li>\n<li>Couleurs dominantes : Taupe, beige, bleu, gris, blanc<\/li>\n<li>Moulure en bois couleur bronze, c\u00f4t\u00e9 noir.<\/li>\n<li>White matting<\/li>\n<li>Verre acrylique de protection<\/li>\n<li>Accroche de fixation \u00e0 l\u2019arri\u00e8re et c\u00e2ble<\/li>\n<\/ul>\n<\/li>\n<\/ul>\n<p>Designer : Jacques Eudel<\/p>\n<p>&nbsp;<\/p>\n<p>&nbsp;<\/p>","protected":false},"featured_media":2685,"comment_status":"open","ping_status":"closed","template":"","meta":{"site-sidebar-layout":"default","site-content-layout":"default","ast-site-content-layout":"","site-content-style":"default","site-sidebar-style":"default","ast-global-header-display":"","ast-banner-title-visibility":"","ast-main-header-display":"","ast-hfb-above-header-display":"","ast-hfb-below-header-display":"","ast-hfb-mobile-header-display":"","site-post-title":"","ast-breadcrumbs-content":"","ast-featured-img":"","footer-sml-layout":"","theme-transparent-header-meta":"default","adv-header-id-meta":"","stick-header-meta":"","header-above-stick-meta":"","header-main-stick-meta":"","header-below-stick-meta":"","astra-migrate-meta-layouts":""},"product_brand":[],"product_cat":[24],"product_tag":[],"class_list":{"0":"post-2204","1":"product","2":"type-product","3":"status-publish","4":"has-post-thumbnail","6":"product_cat-carre-90x90","7":"desktop-align-left","8":"tablet-align-left","9":"mobile-align-left","11":"first","12":"instock","13":"sold-individually","14":"shipping-taxable","15":"product-type-simple"},"yoast_head":"<!-- This site is optimized with the Yoast SEO plugin v25.4 - https:\/\/yoast.com\/wordpress\/plugins\/seo\/ -->\n<title>Tableau - Carr\u00e9 Herm\u00e8s Couvertures et Tenues de jour - Mon Carr\u00e9 D\u00e9co<\/title>\n<meta name=\"description\" content=\"Tableau d&#039;un carr\u00e9 Herm\u00e8s Couverture et tenues de jour, un foulard encadr\u00e9 Mon-Carr\u00e9-D\u00e9co, une d\u00e9coration murale \u00e9l\u00e9gante pour les amateurs de chevaux.\" \/>\n<meta name=\"robots\" content=\"index, follow, max-snippet:-1, max-image-preview:large, max-video-preview:-1\" \/>\n<link rel=\"canonical\" href=\"https:\/\/mon-carre-deco.com\/en\/product\/tableau-carre-hermes-couvertures-et-tenues-de-jour\/\" \/>\n<meta property=\"og:locale\" content=\"en_US\" \/>\n<meta property=\"og:type\" content=\"article\" \/>\n<meta property=\"og:title\" content=\"Tableau - Carr\u00e9 Herm\u00e8s Couvertures et Tenues de jour - Mon Carr\u00e9 D\u00e9co\" \/>\n<meta property=\"og:description\" content=\"Tableau d&#039;un carr\u00e9 Herm\u00e8s Couverture et tenues de jour, un foulard encadr\u00e9 Mon-Carr\u00e9-D\u00e9co, une d\u00e9coration murale \u00e9l\u00e9gante pour les amateurs de chevaux.\" \/>\n<meta property=\"og:url\" content=\"https:\/\/mon-carre-deco.com\/en\/product\/tableau-carre-hermes-couvertures-et-tenues-de-jour\/\" \/>\n<meta property=\"og:site_name\" content=\"Mon Carr\u00e9 D\u00e9co\" \/>\n<meta property=\"article:modified_time\" content=\"2023-03-24T19:08:06+00:00\" \/>\n<meta property=\"og:image\" content=\"http:\/\/mon-carre-deco.com\/wp-content\/uploads\/2021\/12\/Tableau-dun-carre-Hermes-couvertures-et-tenues-de-jour-1-scaled.jpg\" \/>\n\t<meta property=\"og:image:width\" content=\"2560\" \/>\n\t<meta property=\"og:image:height\" content=\"2386\" \/>\n\t<meta property=\"og:image:type\" content=\"image\/jpeg\" \/>\n<meta name=\"twitter:card\" content=\"summary_large_image\" \/>\n<meta name=\"twitter:label1\" content=\"Est. reading time\" \/>\n\t<meta name=\"twitter:data1\" content=\"1 minute\" \/>\n<script type=\"application\/ld+json\" class=\"yoast-schema-graph\">{\"@context\":\"https:\/\/schema.org\",\"@graph\":[{\"@type\":\"WebPage\",\"@id\":\"https:\/\/mon-carre-deco.com\/produit\/tableau-carre-hermes-couvertures-et-tenues-de-jour\/\",\"url\":\"https:\/\/mon-carre-deco.com\/produit\/tableau-carre-hermes-couvertures-et-tenues-de-jour\/\",\"name\":\"Tableau - Carr\u00e9 Herm\u00e8s Couvertures et Tenues de jour - Mon Carr\u00e9 D\u00e9co\",\"isPartOf\":{\"@id\":\"https:\/\/mon-carre-deco.com\/#website\"},\"primaryImageOfPage\":{\"@id\":\"https:\/\/mon-carre-deco.com\/produit\/tableau-carre-hermes-couvertures-et-tenues-de-jour\/#primaryimage\"},\"image\":{\"@id\":\"https:\/\/mon-carre-deco.com\/produit\/tableau-carre-hermes-couvertures-et-tenues-de-jour\/#primaryimage\"},\"thumbnailUrl\":\"https:\/\/mon-carre-deco.com\/wp-content\/uploads\/2021\/12\/Tableau-dun-carre-Hermes-couvertures-et-tenues-de-jour-1-scaled.jpg\",\"datePublished\":\"2021-12-14T16:46:42+00:00\",\"dateModified\":\"2023-03-24T19:08:06+00:00\",\"description\":\"Tableau d'un carr\u00e9 Herm\u00e8s Couverture et tenues de jour, un foulard encadr\u00e9 Mon-Carr\u00e9-D\u00e9co, une d\u00e9coration murale \u00e9l\u00e9gante pour les amateurs de chevaux.\",\"breadcrumb\":{\"@id\":\"https:\/\/mon-carre-deco.com\/produit\/tableau-carre-hermes-couvertures-et-tenues-de-jour\/#breadcrumb\"},\"inLanguage\":\"en-US\",\"potentialAction\":[{\"@type\":\"ReadAction\",\"target\":[\"https:\/\/mon-carre-deco.com\/produit\/tableau-carre-hermes-couvertures-et-tenues-de-jour\/\"]}]},{\"@type\":\"ImageObject\",\"inLanguage\":\"en-US\",\"@id\":\"https:\/\/mon-carre-deco.com\/produit\/tableau-carre-hermes-couvertures-et-tenues-de-jour\/#primaryimage\",\"url\":\"https:\/\/mon-carre-deco.com\/wp-content\/uploads\/2021\/12\/Tableau-dun-carre-Hermes-couvertures-et-tenues-de-jour-1-scaled.jpg\",\"contentUrl\":\"https:\/\/mon-carre-deco.com\/wp-content\/uploads\/2021\/12\/Tableau-dun-carre-Hermes-couvertures-et-tenues-de-jour-1-scaled.jpg\",\"width\":2560,\"height\":2386,\"caption\":\"Tableau d'un carr\u00e9 Herm\u00e8s couvertures et tenues de jour\"},{\"@type\":\"BreadcrumbList\",\"@id\":\"https:\/\/mon-carre-deco.com\/produit\/tableau-carre-hermes-couvertures-et-tenues-de-jour\/#breadcrumb\",\"itemListElement\":[{\"@type\":\"ListItem\",\"position\":1,\"name\":\"Accueil\",\"item\":\"https:\/\/mon-carre-deco.com\/\"},{\"@type\":\"ListItem\",\"position\":2,\"name\":\"Tableaux\",\"item\":\"https:\/\/mon-carre-deco.com\/boutique-tableau-hermes\/\"},{\"@type\":\"ListItem\",\"position\":3,\"name\":\"Tableau &#8211; Carr\u00e9 Herm\u00e8s Couvertures et Tenues de jour\"}]},{\"@type\":\"WebSite\",\"@id\":\"https:\/\/mon-carre-deco.com\/#website\",\"url\":\"https:\/\/mon-carre-deco.com\/\",\"name\":\"Mon Carr\u00e9 D\u00e9co\",\"description\":\"Mon Carr\u00e9 D&#039;art at Home, vente de tableau Herm\u00e8s, foulard carr\u00e9 Herm\u00e8s encadr\u00e9\",\"publisher\":{\"@id\":\"https:\/\/mon-carre-deco.com\/#organization\"},\"potentialAction\":[{\"@type\":\"SearchAction\",\"target\":{\"@type\":\"EntryPoint\",\"urlTemplate\":\"https:\/\/mon-carre-deco.com\/?s={search_term_string}\"},\"query-input\":{\"@type\":\"PropertyValueSpecification\",\"valueRequired\":true,\"valueName\":\"search_term_string\"}}],\"inLanguage\":\"en-US\"},{\"@type\":\"Organization\",\"@id\":\"https:\/\/mon-carre-deco.com\/#organization\",\"name\":\"Mon Carr\u00e9 D\u00e9co\",\"url\":\"https:\/\/mon-carre-deco.com\/\",\"logo\":{\"@type\":\"ImageObject\",\"inLanguage\":\"en-US\",\"@id\":\"https:\/\/mon-carre-deco.com\/#\/schema\/logo\/image\/\",\"url\":\"https:\/\/mon-carre-deco.com\/wp-content\/uploads\/2021\/04\/cropped-Logo-mon-carre-deco-2.png\",\"contentUrl\":\"https:\/\/mon-carre-deco.com\/wp-content\/uploads\/2021\/04\/cropped-Logo-mon-carre-deco-2.png\",\"width\":1043,\"height\":1043,\"caption\":\"Mon Carr\u00e9 D\u00e9co\"},\"image\":{\"@id\":\"https:\/\/mon-carre-deco.com\/#\/schema\/logo\/image\/\"}}]}<\/script>\n<!-- \/ Yoast SEO plugin. -->","yoast_head_json":{"title":"Tableau - Carr\u00e9 Herm\u00e8s Couvertures et Tenues de jour - Mon Carr\u00e9 D\u00e9co","description":"Tableau d'un carr\u00e9 Herm\u00e8s Couverture et tenues de jour, un foulard encadr\u00e9 Mon-Carr\u00e9-D\u00e9co, une d\u00e9coration murale \u00e9l\u00e9gante pour les amateurs de chevaux.","robots":{"index":"index","follow":"follow","max-snippet":"max-snippet:-1","max-image-preview":"max-image-preview:large","max-video-preview":"max-video-preview:-1"},"canonical":"https:\/\/mon-carre-deco.com\/en\/product\/tableau-carre-hermes-couvertures-et-tenues-de-jour\/","og_locale":"en_US","og_type":"article","og_title":"Tableau - Carr\u00e9 Herm\u00e8s Couvertures et Tenues de jour - Mon Carr\u00e9 D\u00e9co","og_description":"Tableau d'un carr\u00e9 Herm\u00e8s Couverture et tenues de jour, un foulard encadr\u00e9 Mon-Carr\u00e9-D\u00e9co, une d\u00e9coration murale \u00e9l\u00e9gante pour les amateurs de chevaux.","og_url":"https:\/\/mon-carre-deco.com\/en\/product\/tableau-carre-hermes-couvertures-et-tenues-de-jour\/","og_site_name":"Mon Carr\u00e9 D\u00e9co","article_modified_time":"2023-03-24T19:08:06+00:00","og_image":[{"width":2560,"height":2386,"url":"http:\/\/mon-carre-deco.com\/wp-content\/uploads\/2021\/12\/Tableau-dun-carre-Hermes-couvertures-et-tenues-de-jour-1-scaled.jpg","type":"image\/jpeg"}],"twitter_card":"summary_large_image","twitter_misc":{"Est. reading time":"1 minute"},"schema":{"@context":"https:\/\/schema.org","@graph":[{"@type":"WebPage","@id":"https:\/\/mon-carre-deco.com\/produit\/tableau-carre-hermes-couvertures-et-tenues-de-jour\/","url":"https:\/\/mon-carre-deco.com\/produit\/tableau-carre-hermes-couvertures-et-tenues-de-jour\/","name":"Tableau - Carr\u00e9 Herm\u00e8s Couvertures et Tenues de jour - Mon Carr\u00e9 D\u00e9co","isPartOf":{"@id":"https:\/\/mon-carre-deco.com\/#website"},"primaryImageOfPage":{"@id":"https:\/\/mon-carre-deco.com\/produit\/tableau-carre-hermes-couvertures-et-tenues-de-jour\/#primaryimage"},"image":{"@id":"https:\/\/mon-carre-deco.com\/produit\/tableau-carre-hermes-couvertures-et-tenues-de-jour\/#primaryimage"},"thumbnailUrl":"https:\/\/mon-carre-deco.com\/wp-content\/uploads\/2021\/12\/Tableau-dun-carre-Hermes-couvertures-et-tenues-de-jour-1-scaled.jpg","datePublished":"2021-12-14T16:46:42+00:00","dateModified":"2023-03-24T19:08:06+00:00","description":"Tableau d'un carr\u00e9 Herm\u00e8s Couverture et tenues de jour, un foulard encadr\u00e9 Mon-Carr\u00e9-D\u00e9co, une d\u00e9coration murale \u00e9l\u00e9gante pour les amateurs de chevaux.","breadcrumb":{"@id":"https:\/\/mon-carre-deco.com\/produit\/tableau-carre-hermes-couvertures-et-tenues-de-jour\/#breadcrumb"},"inLanguage":"en-US","potentialAction":[{"@type":"ReadAction","target":["https:\/\/mon-carre-deco.com\/produit\/tableau-carre-hermes-couvertures-et-tenues-de-jour\/"]}]},{"@type":"ImageObject","inLanguage":"en-US","@id":"https:\/\/mon-carre-deco.com\/produit\/tableau-carre-hermes-couvertures-et-tenues-de-jour\/#primaryimage","url":"https:\/\/mon-carre-deco.com\/wp-content\/uploads\/2021\/12\/Tableau-dun-carre-Hermes-couvertures-et-tenues-de-jour-1-scaled.jpg","contentUrl":"https:\/\/mon-carre-deco.com\/wp-content\/uploads\/2021\/12\/Tableau-dun-carre-Hermes-couvertures-et-tenues-de-jour-1-scaled.jpg","width":2560,"height":2386,"caption":"Tableau d'un carr\u00e9 Herm\u00e8s couvertures et tenues de jour"},{"@type":"BreadcrumbList","@id":"https:\/\/mon-carre-deco.com\/produit\/tableau-carre-hermes-couvertures-et-tenues-de-jour\/#breadcrumb","itemListElement":[{"@type":"ListItem","position":1,"name":"Accueil","item":"https:\/\/mon-carre-deco.com\/"},{"@type":"ListItem","position":2,"name":"Tableaux","item":"https:\/\/mon-carre-deco.com\/boutique-tableau-hermes\/"},{"@type":"ListItem","position":3,"name":"Tableau &#8211; Carr\u00e9 Herm\u00e8s Couvertures et Tenues de jour"}]},{"@type":"WebSite","@id":"https:\/\/mon-carre-deco.com\/#website","url":"https:\/\/mon-carre-deco.com\/","name":"Mon Carr\u00e9 D\u00e9co","description":"Mon Carr\u00e9 D&#039;art at Home, vente de tableau Herm\u00e8s, foulard carr\u00e9 Herm\u00e8s encadr\u00e9","publisher":{"@id":"https:\/\/mon-carre-deco.com\/#organization"},"potentialAction":[{"@type":"SearchAction","target":{"@type":"EntryPoint","urlTemplate":"https:\/\/mon-carre-deco.com\/?s={search_term_string}"},"query-input":{"@type":"PropertyValueSpecification","valueRequired":true,"valueName":"search_term_string"}}],"inLanguage":"en-US"},{"@type":"Organization","@id":"https:\/\/mon-carre-deco.com\/#organization","name":"Mon Carr\u00e9 D\u00e9co","url":"https:\/\/mon-carre-deco.com\/","logo":{"@type":"ImageObject","inLanguage":"en-US","@id":"https:\/\/mon-carre-deco.com\/#\/schema\/logo\/image\/","url":"https:\/\/mon-carre-deco.com\/wp-content\/uploads\/2021\/04\/cropped-Logo-mon-carre-deco-2.png","contentUrl":"https:\/\/mon-carre-deco.com\/wp-content\/uploads\/2021\/04\/cropped-Logo-mon-carre-deco-2.png","width":1043,"height":1043,"caption":"Mon Carr\u00e9 D\u00e9co"},"image":{"@id":"https:\/\/mon-carre-deco.com\/#\/schema\/logo\/image\/"}}]}},"_links":{"self":[{"href":"https:\/\/mon-carre-deco.com\/en\/wp-json\/wp\/v2\/product\/2204","targetHints":{"allow":["GET"]}}],"collection":[{"href":"https:\/\/mon-carre-deco.com\/en\/wp-json\/wp\/v2\/product"}],"about":[{"href":"https:\/\/mon-carre-deco.com\/en\/wp-json\/wp\/v2\/types\/product"}],"replies":[{"embeddable":true,"href":"https:\/\/mon-carre-deco.com\/en\/wp-json\/wp\/v2\/comments?post=2204"}],"version-history":[{"count":21,"href":"https:\/\/mon-carre-deco.com\/en\/wp-json\/wp\/v2\/product\/2204\/revisions"}],"predecessor-version":[{"id":3801,"href":"https:\/\/mon-carre-deco.com\/en\/wp-json\/wp\/v2\/product\/2204\/revisions\/3801"}],"wp:featuredmedia":[{"embeddable":true,"href":"https:\/\/mon-carre-deco.com\/en\/wp-json\/wp\/v2\/media\/2685"}],"wp:attachment":[{"href":"https:\/\/mon-carre-deco.com\/en\/wp-json\/wp\/v2\/media?parent=2204"}],"wp:term":[{"taxonomy":"product_brand","embeddable":true,"href":"https:\/\/mon-carre-deco.com\/en\/wp-json\/wp\/v2\/product_brand?post=2204"},{"taxonomy":"product_cat","embeddable":true,"href":"https:\/\/mon-carre-deco.com\/en\/wp-json\/wp\/v2\/product_cat?post=2204"},{"taxonomy":"product_tag","embeddable":true,"href":"https:\/\/mon-carre-deco.com\/en\/wp-json\/wp\/v2\/product_tag?post=2204"}],"curies":[{"name":"wp","href":"https:\/\/api.w.org\/{rel}","templated":true}]}}